{"id":31929,"date":"2023-03-23T13:41:54","date_gmt":"2023-03-23T16:41:54","guid":{"rendered":"https:\/\/sds.unb.br\/?page_id=31929"},"modified":"2024-10-30T18:59:19","modified_gmt":"2024-10-30T21:59:19","slug":"glossarioepidemiologia","status":"publish","type":"page","link":"https:\/\/sds.unb.br\/es\/home-2\/nossos-projetos\/epiride\/epi-ride-glossario\/glossarioepidemiologia\/","title":{"rendered":"glossarioEpidemiologia"},"content":{"rendered":"<div data-elementor-type=\"wp-page\" data-elementor-id=\"31929\" class=\"elementor elementor-31929\">\n\t\t\t\t\t\t<section class=\"elementor-section elementor-top-section elementor-element elementor-element-2882ea1 elementor-section-boxed elementor-section-height-default elementor-section-height-default\" data-id=\"2882ea1\" data-element_type=\"section\" data-settings=\"{&quot;background_background&quot;:&quot;classic&quot;}\">\n\t\t\t\t\t\t<div class=\"elementor-container elementor-column-gap-default\">\n\t\t\t\t\t<div class=\"elementor-column elementor-col-50 elementor-top-column elementor-element elementor-element-47bfc1b\" data-id=\"47bfc1b\" data-element_type=\"column\">\n\t\t\t<div class=\"elementor-widget-wrap elementor-element-populated\">\n\t\t\t\t\t\t<div class=\"elementor-element elementor-element-64f4301 elementor-hidden-mobile elementor-widget elementor-widget-image\" data-id=\"64f4301\" data-element_type=\"widget\" data-widget_type=\"image.default\">\n\t\t\t\t<div class=\"elementor-widget-container\">\n\t\t\t\t\t\t\t\t\t\t\t\t\t<img fetchpriority=\"high\" decoding=\"async\" width=\"800\" height=\"993\" src=\"https:\/\/sds.unb.br\/wp-content\/uploads\/2023\/06\/logo-epiride-branca-825x1024.png\" class=\"attachment-large size-large wp-image-32468\" alt=\"\" srcset=\"https:\/\/sds.unb.br\/wp-content\/uploads\/2023\/06\/logo-epiride-branca-825x1024.png 825w, https:\/\/sds.unb.br\/wp-content\/uploads\/2023\/06\/logo-epiride-branca-242x300.png 242w, https:\/\/sds.unb.br\/wp-content\/uploads\/2023\/06\/logo-epiride-branca-768x953.png 768w, https:\/\/sds.unb.br\/wp-content\/uploads\/2023\/06\/logo-epiride-branca-1238x1536.png 1238w, https:\/\/sds.unb.br\/wp-content\/uploads\/2023\/06\/logo-epiride-branca-1651x2048.png 1651w, https:\/\/sds.unb.br\/wp-content\/uploads\/2023\/06\/logo-epiride-branca-10x12.png 10w, https:\/\/sds.unb.br\/wp-content\/uploads\/2023\/06\/logo-epiride-branca-205x254.png 205w, https:\/\/sds.unb.br\/wp-content\/uploads\/2023\/06\/logo-epiride-branca-480x595.png 480w, https:\/\/sds.unb.br\/wp-content\/uploads\/2023\/06\/logo-epiride-branca.png 1783w\" sizes=\"(max-width: 800px) 100vw, 800px\" \/>\t\t\t\t\t\t\t\t\t\t\t\t\t<\/div>\n\t\t\t\t<\/div>\n\t\t\t\t\t<\/div>\n\t\t<\/div>\n\t\t\t\t<div class=\"elementor-column elementor-col-50 elementor-top-column elementor-element elementor-element-d061d3e\" data-id=\"d061d3e\" data-element_type=\"column\">\n\t\t\t<div class=\"elementor-widget-wrap elementor-element-populated\">\n\t\t\t\t\t\t<div class=\"elementor-element elementor-element-4deebff elementor-hidden-mobile elementor-widget elementor-widget-spacer\" data-id=\"4deebff\" data-element_type=\"widget\" data-widget_type=\"spacer.default\">\n\t\t\t\t<div class=\"elementor-widget-container\">\n\t\t\t\t\t<div class=\"elementor-spacer\">\n\t\t\t<div class=\"elementor-spacer-inner\"><\/div>\n\t\t<\/div>\n\t\t\t\t<\/div>\n\t\t\t\t<\/div>\n\t\t\t\t<div class=\"elementor-element elementor-element-c852f0a elementor-widget elementor-widget-heading\" data-id=\"c852f0a\" data-element_type=\"widget\" data-widget_type=\"heading.default\">\n\t\t\t\t<div class=\"elementor-widget-container\">\n\t\t\t<h2 class=\"elementor-heading-title elementor-size-default\">Gloss\u00e1rio<\/h2>\t\t<\/div>\n\t\t\t\t<\/div>\n\t\t\t\t<div class=\"elementor-element elementor-element-f5526ae animated-slow elementor-invisible elementor-widget elementor-widget-text-editor\" data-id=\"f5526ae\" data-element_type=\"widget\" data-settings=\"{&quot;_animation&quot;:&quot;fadeIn&quot;,&quot;_animation_delay&quot;:100}\" data-widget_type=\"text-editor.default\">\n\t\t\t\t<div class=\"elementor-widget-container\">\n\t\t\t\t\t\t\t<p>O Epi-Ride busca melhorar a capacidade de monitoramento, a gest\u00e3o de crises e proporcionar respostas mais efetivas \u00e0s demandas de sa\u00fade da popula\u00e7\u00e3o. Para isso, a Sala de Situa\u00e7\u00e3o de Sa\u00fade fornece este gloss\u00e1rio a fim de auxiliar os usu\u00e1rios nos conhecimentos de palavras chaves utilizadas durante o trabalho<\/p>\t\t\t\t\t\t<\/div>\n\t\t\t\t<\/div>\n\t\t\t\t\t<\/div>\n\t\t<\/div>\n\t\t\t\t\t<\/div>\n\t\t<\/section>\n\t\t\t\t<section class=\"elementor-section elementor-top-section elementor-element elementor-element-4931c13 elementor-section-boxed elementor-section-height-default elementor-section-height-default\" data-id=\"4931c13\" data-element_type=\"section\">\n\t\t\t\t\t\t<div class=\"elementor-container elementor-column-gap-default\">\n\t\t\t\t\t<div class=\"elementor-column elementor-col-100 elementor-top-column elementor-element elementor-element-5b75502\" data-id=\"5b75502\" data-element_type=\"column\">\n\t\t\t<div class=\"elementor-widget-wrap elementor-element-populated\">\n\t\t\t\t\t\t<div class=\"elementor-element elementor-element-45a992a elementor-widget elementor-widget-heading\" data-id=\"45a992a\" data-element_type=\"widget\" data-widget_type=\"heading.default\">\n\t\t\t\t<div class=\"elementor-widget-container\">\n\t\t\t<h2 class=\"elementor-heading-title elementor-size-default\">Epidemiologia<\/h2>\t\t<\/div>\n\t\t\t\t<\/div>\n\t\t\t\t\t<\/div>\n\t\t<\/div>\n\t\t\t\t\t<\/div>\n\t\t<\/section>\n\t\t\t\t<section class=\"elementor-section elementor-top-section elementor-element elementor-element-f3d5e25 elementor-section-boxed elementor-section-height-default elementor-section-height-default\" data-id=\"f3d5e25\" data-element_type=\"section\">\n\t\t\t\t\t\t<div class=\"elementor-container elementor-column-gap-default\">\n\t\t\t\t\t<div class=\"elementor-column elementor-col-100 elementor-top-column elementor-element elementor-element-752900d\" data-id=\"752900d\" data-element_type=\"column\">\n\t\t\t<div class=\"elementor-widget-wrap elementor-element-populated\">\n\t\t\t\t\t\t<div class=\"elementor-element elementor-element-7033491 elementor-widget elementor-widget-htmega-accordion-addons\" data-id=\"7033491\" data-element_type=\"widget\" data-widget_type=\"htmega-accordion-addons.default\">\n\t\t\t\t<div class=\"elementor-widget-container\">\n\t\t\t<div class=\"accordion\" id=\"accordionExample7033491\">                            <div class=\"single_accourdion htmega-icon-align-left\">\n\n                                <div class=\"htmega-accourdion-title\">\n                                    <h2 data-toggle=\"htbcollapse\" data-target=\"#htmega-collapse17033491\" class=\"htmega-items-hedding\">Carga de doen\u00e7a <span class=\"accourdion-icon close-accourdion\"><i class=\"fas fa-minus\"><\/i><\/span><span class=\"accourdion-icon open-accourdion\"><i class=\"fas fa-plus\"><\/i><\/span><\/h2>                                <\/div>\n\n                                <div id=\"htmega-collapse17033491\" class=\"htb-collapse htb-show\" data-parent=\"#accordionExample7033491\" >\n                                    <div class=\"accordion-content\">\n                                        <p>Carga de doen\u00e7as \u00e9 um conceito que envolve aspectos de sa\u00fade, sociais, pol\u00edticos ambientais e fatores econ\u00f4micos para determinar o custo de uma doen\u00e7a ou agravo e suas consequ\u00eancias sobre o indiv\u00edduo e a coletividade (CDC, 2013).\u00a0<\/p><p>O objetivo do Estudo de Carga de Doen\u00e7a Global (<i>Global Burden Disease \u2013 <\/i>GBD) \u00e9 garantir que um sistema de sa\u00fade esteja adequadamente alinhado com a realidade da sa\u00fade da popula\u00e7\u00e3o, de forma que os formuladores de pol\u00edticas possam visualizar os processos de transi\u00e7\u00e3o epidemiol\u00f3gica e comparar as consequ\u00eancias provocadas pela perda de sa\u00fade ocasionadas pelas doen\u00e7as, les\u00f5es e fatores de risco (IHME, 2013). Desta forma, pode-se compreender a abordagem GBD como um dos estudos epidemiol\u00f3gicos observacionais mundiais mais abrangentes (THE LANCET, 2023).<\/p><p>Para quantificar a magnitude comparativa da perda de sa\u00fade, s\u00e3o utilizados indicadores de mortalidade e morbidade, atrav\u00e9s da soma dos anos de vida perdidos (<i>Years of Life Lost <\/i>\u2013 YLL) com os anos de vividos com invalidez (<i>Years Lived with Disability <\/i>\u2013 YLD) que resultar\u00e1 no DALY (<i>Disability Adjusted Life Years<\/i>) que s\u00e3o os anos de vida perdidos por morte prematura ou por invalidez. Um DALY equivale a um ano de vida saud\u00e1vel perdido (IHME, 2013). Outro indicador utilizado no GBD \u00e9 o HALE (<i>Health Adjusted Life Expectancy<\/i>), que corresponde \u00e0 expectativa de vida saud\u00e1vel ou expectativa de vida ajustada \u00e0 sa\u00fade (WHO, 2023).\u00a0<\/p><p>\u00a0<\/p><p><b>Refer\u00eancias:<\/b><\/p><p>\u00a0<\/p><p>CDC | CENTERS FOR DISEASE CONTROL AND PREVENTION. <b>NCD Burden of Disease<\/b>. Department of Health and Human Services. Atlanta: CDC, 2013. Dispon\u00edvel em: &lt;https:\/\/www.cdc.gov\/globalhealth\/healthprotection\/fetp\/training_modules\/2\/ncd-burden-of-disease_ppt_final_09252013.pdf&gt;.<\/p><p>\u00a0<\/p><p>DALTIO, C. S. et al. <b>Estudos farmacoecon\u00f4micos e carga da doen\u00e7a em esquizofrenia<\/b>. Archives of Clinical Psychiatry (S\u00e3o Paulo) [online]. 2007, v. 34, pp. 208-212. Dispon\u00edvel em: &lt;https:\/\/doi.org\/10.1590\/S0101-60832007000800012&gt;. Epub 07 Nov 2007. ISSN 1806-938X. <a href=\"https:\/\/doi.org\/10.1590\/S0101-60832007000800012\">https:\/\/doi.org\/10.1590\/S0101-608320070008<\/a>00012.<\/p><p>\u00a0<\/p><p>INSTITUTO DE M\u00c9TRICA E AVALIA\u00c7\u00c3O EM SA\u00daDE. <b>Estudo de Carga de Doen\u00e7a Global<\/b>: gerando evid\u00eancias, informando pol\u00edticas de sa\u00fade. Seattle, WA: IHME, 2013.<\/p><p>\u00a0<\/p><p>LEITE, I. C. et al. <b>Carga de doen\u00e7as no Brasil e suas regi\u00f5es, 2008<\/b>. Cadernos de Sa\u00fade P\u00fablica [online]. 2015, v. 31, n. 7, pp. 1551-1564. Dispon\u00edvel em: &lt;https:\/\/doi.org\/10.1590\/0102-311X00111614&gt;. ISSN 1678-4464. https:\/\/doi.org\/10.1590\/0102-311X00111614.<\/p><p>\u00a0<\/p><p>MARINHO, F. et al. <b>Novo s\u00e9culo, novos desafios<\/b>: mudan\u00e7a no perfil da carga de doen\u00e7as no Brasil de 1990 a 2010. Epidemiologia e Servi\u00e7os de Sa\u00fade [online]. 2016, v. 25, n. 4, pp. 713-724. Dispon\u00edvel em: &lt;https:\/\/doi.org\/10.5123\/S1679-49742016000400005&gt;. ISSN 2237-9622. https:\/\/doi.org\/10.5123\/S1679-49742016000400005.<\/p><p>\u00a0<\/p><p>THE LANCET. <b>Global Burden of Disease<\/b>. The Lancet, 2023. Dispon\u00edvel em: &lt;<a href=\"https:\/\/www.thelancet.com\/gbd\">https:\/\/www.thelancet.com\/gbd<\/a>&gt;.<\/p><p>\u00a0<\/p><p>WHO | WORLD HEALTH ORGANIZATION. <b>Global Health Estimatites<\/b>: Life expectancy and leading causes of death and disability. WHO, 2023. Dispon\u00edvel em: &lt;https:\/\/www.who.int\/data\/gho\/data\/themes\/mortality-and-global-health-estimates&gt;.<\/p><p><br \/>UNIVERSIDADE FEDERAL DO MARANH\u00c3O. <b>An\u00e1lise de Situa\u00e7\u00e3o de Sa\u00fade<\/b>: conceitos, interpreta\u00e7\u00e3o e uso dos indicadores de Sa\u00fade. Maranh\u00e3o: UNA-SUS\/UFMA, 2018. Dispon\u00edvel em: &lt;https:\/\/ares.unasus.gov.br\/acervo\/handle\/ARES\/10828&gt;.<\/p>                                    <\/div>\n                                <\/div>\n\n                            <\/div>\n\n                                                    <div class=\"single_accourdion htmega-icon-align-left\">\n\n                                <div class=\"htmega-accourdion-title\">\n                                    <h2 data-toggle=\"htbcollapse\" data-target=\"#htmega-collapse27033491\" class=\"htb-collapsed htmega-items-hedding\">Cobertura vacinal <span class=\"accourdion-icon close-accourdion\"><i class=\"fas fa-minus\"><\/i><\/span><span class=\"accourdion-icon open-accourdion\"><i class=\"fas fa-plus\"><\/i><\/span><\/h2>                                <\/div>\n\n                                <div id=\"htmega-collapse27033491\" class=\"htb-collapse\" data-parent=\"#accordionExample7033491\" >\n                                    <div class=\"accordion-content\">\n                                        <p>A cobertura vacinal \u00e9 um indicador que estima a propor\u00e7\u00e3o da popula\u00e7\u00e3o-alvo vacinada e presumivelmente protegida para determinadas doen\u00e7as. O indicador \u00e9 obtido por meio da equa\u00e7\u00e3o entre o total de doses que completam o esquema vacinal e a estimativa da popula\u00e7\u00e3o-alvo, multiplicando-se por 100 e obtendo-se a porcentagem da cobertura vacinal (<a href=\"https:\/\/pesquisa.bvsalud.org\/brasil\/resource\/pt\/biblio-1391037\">SES-GO, 2022<\/a>; <a href=\"https:\/\/bvsms.saude.gov.br\/bvs\/publicacoes\/manual_procedimentos_vacinacao.pdf\">BRASIL, 2014)<\/a>. A meta para os 194 pa\u00edses membros da Organiza\u00e7\u00e3o Mundial da Sa\u00fade (OMS), era de se alcan\u00e7ar coberturas maiores ou iguais a\u00a0 90%, contudo cada agente infeccioso possui uma taxa diferente, sendo que o v\u00edrus do Sarampo, por ser um dos mais transmiss\u00edveis, exige uma taxa de cobertura maior ou igual a 95%.<\/p><p><b>Refer\u00eancias:\u00a0<\/b><\/p><p>BRASIL. <b>Manual de Normas e Procedimentos para Vacina\u00e7\u00e3o. <\/b>2014. [s.l: s.n.]. Dispon\u00edvel em: <a href=\"https:\/\/bvsms.saude.gov.br\/bvs\/publicacoes\/manual_procedimentos_vacinacao.pdf\">https:\/\/bvsms.saude.gov.br\/bvs\/publicacoes\/manual_procedimentos_vacinacao.pdf<\/a>.<\/p><p>SES-GO, Secretaria de Estado da Sa\u00fade do Goi\u00e1s. <b>Estrat\u00e9gias para aumentar a cobertura vacinal: overview de revis\u00f5es sistem\u00e1ticas.<\/b> 2022. Dispon\u00edvel em: <a href=\"https:\/\/www.saude.go.gov.br\/files\/\/conecta-sus\/produtos-tecnicos\/I%20-%202022\/Estrat%C3%A9gias%20para%20aumentar%20a%20cobertura%20vacinal%20-%20overview%20de%20revis%C3%B5es%20sistem%C3%A1ticas.pdf\">https:\/\/www.saude.go.gov.br\/files\/\/conecta-sus\/produtos-tecnicos\/I%20-%202022\/Estrat%C3%A9gias%20para%20aumentar%20a%20cobertura%20vacinal%20-%20overview%20de%20revis%C3%B5es%20sistem%C3%A1ticas.pdf<\/a><\/p><p>VALENZUELA, M. T<b>. Importancia de las vacunas en Salud P\u00fablica: hitos y nuevos desaf\u00edos. <\/b>REV. MED. CLIN. CONDES; 31(3-4) 233-239. 2020. Dispon\u00edvel em:<a href=\"https:\/\/www.elsevier.es\/es-revista-revista-medica-clinica-las-condes-202-pdf-S0716864020300407\"> https:\/\/www.elsevier.es\/es-revista-revista-medica-clinica-las-condes-202-pdf-S0716864020300407<\/a><\/p>                                    <\/div>\n                                <\/div>\n\n                            <\/div>\n\n                                                    <div class=\"single_accourdion htmega-icon-align-left\">\n\n                                <div class=\"htmega-accourdion-title\">\n                                    <h2 data-toggle=\"htbcollapse\" data-target=\"#htmega-collapse37033491\" class=\"htb-collapsed htmega-items-hedding\">Doen\u00e7a <span class=\"accourdion-icon close-accourdion\"><i class=\"fas fa-minus\"><\/i><\/span><span class=\"accourdion-icon open-accourdion\"><i class=\"fas fa-plus\"><\/i><\/span><\/h2>                                <\/div>\n\n                                <div id=\"htmega-collapse37033491\" class=\"htb-collapse\" data-parent=\"#accordionExample7033491\" >\n                                    <div class=\"accordion-content\">\n                                        <p>A doen\u00e7a \u00e9 uma altera\u00e7\u00e3o ou disfun\u00e7\u00e3o no funcionamento normal do corpo humano, que causa sintomas e sinais espec\u00edficos. Ela pode ser causada por diversos fatores, como agentes infecciosos (v\u00edrus, bact\u00e9rias, parasitas), condi\u00e7\u00f5es gen\u00e9ticas, exposi\u00e7\u00e3o a subst\u00e2ncias t\u00f3xicas, fatores ambientais, estilo de vida inadequado ou outras causas desconhecidas. As doen\u00e7as podem ser agudas, de curta dura\u00e7\u00e3o, ou cr\u00f4nicas, de longa dura\u00e7\u00e3o, e podem variar em gravidade, desde condi\u00e7\u00f5es leves e autolimitadas at\u00e9 doen\u00e7as graves e potencialmente fatais. O diagn\u00f3stico e tratamento adequados s\u00e3o fundamentais para o manejo das doen\u00e7as e a promo\u00e7\u00e3o da sa\u00fade.<\/p>                                    <\/div>\n                                <\/div>\n\n                            <\/div>\n\n                                                    <div class=\"single_accourdion htmega-icon-align-left\">\n\n                                <div class=\"htmega-accourdion-title\">\n                                    <h2 data-toggle=\"htbcollapse\" data-target=\"#htmega-collapse47033491\" class=\"htb-collapsed htmega-items-hedding\">Agravo <span class=\"accourdion-icon close-accourdion\"><i class=\"fas fa-minus\"><\/i><\/span><span class=\"accourdion-icon open-accourdion\"><i class=\"fas fa-plus\"><\/i><\/span><\/h2>                                <\/div>\n\n                                <div id=\"htmega-collapse47033491\" class=\"htb-collapse\" data-parent=\"#accordionExample7033491\" >\n                                    <div class=\"accordion-content\">\n                                        <p><b>AGRAVO<\/b><\/p><p>O termo \"agravo\" \u00e9 usado para descrever um dano, les\u00e3o ou preju\u00edzo \u00e0 sa\u00fade de um indiv\u00edduo ou popula\u00e7\u00e3o. Pode ser resultado de uma doen\u00e7a, acidente, condi\u00e7\u00e3o ambiental desfavor\u00e1vel, exposi\u00e7\u00e3o a riscos ocupacionais, viol\u00eancia, entre outros fatores. O agravo \u00e0 sa\u00fade pode ter consequ\u00eancias negativas para a qualidade de vida, capacidade funcional, bem-estar f\u00edsico e mental das pessoas afetadas. Os agravos podem ser classificados em diferentes categorias, como agravos evit\u00e1veis, agravos relacionados a condi\u00e7\u00f5es cr\u00f4nicas, agravos ocupacionais, agravos \u00e0 sa\u00fade mental, entre outros. A identifica\u00e7\u00e3o e a preven\u00e7\u00e3o de agravos \u00e0 sa\u00fade s\u00e3o importantes para a promo\u00e7\u00e3o da sa\u00fade e a implementa\u00e7\u00e3o de medidas de controle e interven\u00e7\u00f5es adequadas.<\/p><p>\u00a0<\/p><p><b>Refer\u00eancias<\/b><\/p><p>\u00a0<\/p><ol><li>CELEPAR. \u201cGloss\u00e1rio - Centro de Apoio Operacional Das Promotorias de Prote\u00e7\u00e3o \u00e0 Sa\u00fade P\u00fablica.\u201d <i>Saude.mppr.mp.br<\/i>, saude.mppr.mp.br\/pagina-15.html#D. Accessed 14 Feb. 2023.<\/li><\/ol><p>\"Minist\u00e9rio Da Sa\u00fade.\" <i>Bvsms.saude.gov.br<\/i>, bvsms.saude.gov.br\/bvs\/saudelegis\/gm\/2011\/prt0104_25_01_2011.html.<\/p>                                    <\/div>\n                                <\/div>\n\n                            <\/div>\n\n                                                    <div class=\"single_accourdion htmega-icon-align-left\">\n\n                                <div class=\"htmega-accourdion-title\">\n                                    <h2 data-toggle=\"htbcollapse\" data-target=\"#htmega-collapse57033491\" class=\"htb-collapsed htmega-items-hedding\">Doen\u00e7as Cr\u00f4nicas N\u00e3o Transmiss\u00edveis <span class=\"accourdion-icon close-accourdion\"><i class=\"fas fa-minus\"><\/i><\/span><span class=\"accourdion-icon open-accourdion\"><i class=\"fas fa-plus\"><\/i><\/span><\/h2>                                <\/div>\n\n                                <div id=\"htmega-collapse57033491\" class=\"htb-collapse\" data-parent=\"#accordionExample7033491\" >\n                                    <div class=\"accordion-content\">\n                                        <p>As Doen\u00e7as Cr\u00f4nicas n\u00e3o Transmiss\u00edveis (DCNTs) podem ser compreendidas como condi\u00e7\u00f5es cr\u00f4nicas, que est\u00e3o relacionadas a causas m\u00faltiplas, devido a fatores de risco modific\u00e1veis, associado ao estilo de vida dos indiv\u00edduos. Essas condi\u00e7\u00f5es cr\u00f4nicas de sa\u00fade n\u00e3o possuem origem infecciosa, contudo, s\u00e3o de longa dura\u00e7\u00e3o podendo resultar em incapacidades funcionais, ou at\u00e9 mesmo desenvolver-se de maneira silenciosa.\u00a0<\/p><p>As DCNTs s\u00e3o uma das principais causas de morte no mundo, seja em pa\u00edses de renda alta ou de m\u00e9dia e baixa renda, por causa constantes transforma\u00e7\u00f5es no meio sociopol\u00edtico econ\u00f4mico que atua diretamente sobre os determinantes sociais de sa\u00fade. S\u00e3o exemplos de DCNTs as condi\u00e7\u00f5es cardiovasculares, neoplasias, doen\u00e7as respirat\u00f3rias, diabetes, assim como as condi\u00e7\u00f5es de sa\u00fade mental e neurol\u00f3gicas, doen\u00e7as bucais, \u00f3sseas e nas articula\u00e7\u00f5es, condi\u00e7\u00f5es gen\u00e9ticas de desordem, oculares ou aditivas.\u00a0<\/p><p>\u00a0<\/p><p><b>REFER\u00caNCIAS:<\/b><\/p><p>Brasil. Minist\u00e9rio da Sa\u00fade. Secretaria de Aten\u00e7\u00e3o \u00e0 Sa\u00fade. Departamento de Aten\u00e7\u00e3o B\u00e1sica. Diretrizes para o cuidado das pessoas com doen\u00e7as cr\u00f4nicas nas redes de aten\u00e7\u00e3o \u00e0 sa\u00fade e nas linhas de cuidado priorit\u00e1rias \/ Minist\u00e9rio da Sa\u00fade, Secretaria de Aten\u00e7\u00e3o \u00e0 Sa\u00fade, Departamento de Aten\u00e7\u00e3o B\u00e1sica. \u2013 Bras\u00edlia: Minist\u00e9rio da Sa\u00fade, 2013. 28 p.: il. Modo de acesso: World Wide Web: &lt;http:\/\/189.28.128.100\/dab\/docs\/geral\/documento_norteador.pdf&gt;\u00a0 \u00a0 \u00a0 ISBN 978-85-334-2018-2.<\/p><p>\u00a0<\/p><p>SIM\u00d5ES, Tayn\u00e3na C\u00e9sar; MEIRA, Karina Cardoso; SANTOS, Juliano dos; et al. Preval\u00eancias de doen\u00e7as cr\u00f4nicas e acesso aos servi\u00e7os de sa\u00fade no Brasil: evid\u00eancias de tr\u00eas inqu\u00e9ritos domiciliares. <b>Ci\u00eancia &amp; Sa\u00fade Coletiva<\/b>, v. 26, p. 3991\u20134006, 2021.<\/p><p>\u00a0<\/p><p>OMS revela principais causas de morte e incapacidade em todo o mundo entre 2000 e 2019 - OPAS\/OMS | Organiza\u00e7\u00e3o Pan-Americana da Sa\u00fade. Dispon\u00edvel em: &lt;https:\/\/www.paho.org\/pt\/noticias\/9-12-2020-oms-revela-principais-causas-morte-e-incapacidade-em-todo-mundo-entre-2000-e&gt;. Acesso em: 11 mar. 2023.<\/p>                                    <\/div>\n                                <\/div>\n\n                            <\/div>\n\n                                                    <div class=\"single_accourdion htmega-icon-align-left\">\n\n                                <div class=\"htmega-accourdion-title\">\n                                    <h2 data-toggle=\"htbcollapse\" data-target=\"#htmega-collapse67033491\" class=\"htb-collapsed htmega-items-hedding\">Doen\u00e7as emergentes e reemergentes <span class=\"accourdion-icon close-accourdion\"><i class=\"fas fa-minus\"><\/i><\/span><span class=\"accourdion-icon open-accourdion\"><i class=\"fas fa-plus\"><\/i><\/span><\/h2>                                <\/div>\n\n                                <div id=\"htmega-collapse67033491\" class=\"htb-collapse\" data-parent=\"#accordionExample7033491\" >\n                                    <div class=\"accordion-content\">\n                                        <p>Doen\u00e7a emergente - condi\u00e7\u00e3o de sa\u00fade que surge pela primeira vez em uma popula\u00e7\u00e3o humana ou animal, ou que existe h\u00e1 muito tempo, mas passa a apresentar uma incid\u00eancia significativa ou uma expans\u00e3o geogr\u00e1fica inesperada, representando uma amea\u00e7a \u00e0 sa\u00fade p\u00fablica. Essas doen\u00e7as podem surgir devido a diferentes fatores, como mudan\u00e7as demogr\u00e1ficas, urbaniza\u00e7\u00e3o, migra\u00e7\u00e3o, altera\u00e7\u00f5es ambientais, muta\u00e7\u00f5es virais ou bacterianas, entre outros, e podem ter impactos significativos na sa\u00fade p\u00fablica e na sociedade como um todo.\u00a0<\/p><p>Doen\u00e7a reemergente - condi\u00e7\u00e3o de sa\u00fade que j\u00e1 foi controlada ou erradicada em uma determinada popula\u00e7\u00e3o, mas que volta a apresentar aumento de incid\u00eancia ou ressurgimento em uma regi\u00e3o ou popula\u00e7\u00e3o espec\u00edfica. Isso pode ocorrer devido a uma s\u00e9rie de fatores, como a diminui\u00e7\u00e3o da imunidade populacional, mudan\u00e7as nos padr\u00f5es de comportamento, varia\u00e7\u00f5es gen\u00e9ticas dos pat\u00f3genos, resist\u00eancia a medicamentos, entre outros. As doen\u00e7as reemergentes representam desafios para a sa\u00fade p\u00fablica, pois exigem a\u00e7\u00f5es de controle e preven\u00e7\u00e3o para evitar sua dissemina\u00e7\u00e3o e impacto na popula\u00e7\u00e3o.<\/p><p>\u00a0<\/p><p><b>Fontes:<\/b><\/p><p>Centers for Disease Control and Prevention (CDC). (2014). <b>Emerging Infectious Diseases. <\/b>Dispon\u00edvel em:<a href=\"https:\/\/www.cdc.gov\/ncezid\/who-we-are\/about-our-name.html\"> https:\/\/www.cdc.gov\/ncezid\/who-we-are\/about-our-name.html<\/a>. Acesso em: 8 abr. 2023.<\/p><p>Organiza\u00e7\u00e3o Mundial da Sa\u00fade (OMS). (2017).<b> Reemerging Infectious Diseases. <\/b>Dispon\u00edvel em:<a href=\"https:\/\/www.who.int\/emergencies\/diseases\/re-emerging-infectious-diseases\/en\/\"> https:\/\/www.who.int\/emergencies\/diseases\/re-emerging-infectious-diseases\/en\/<\/a>. Acesso em:\u00a0 8 abr. 2023.<\/p>                                    <\/div>\n                                <\/div>\n\n                            <\/div>\n\n                                                    <div class=\"single_accourdion htmega-icon-align-left\">\n\n                                <div class=\"htmega-accourdion-title\">\n                                    <h2 data-toggle=\"htbcollapse\" data-target=\"#htmega-collapse77033491\" class=\"htb-collapsed htmega-items-hedding\">Indicadores de sa\u00fade <span class=\"accourdion-icon close-accourdion\"><i class=\"fas fa-minus\"><\/i><\/span><span class=\"accourdion-icon open-accourdion\"><i class=\"fas fa-plus\"><\/i><\/span><\/h2>                                <\/div>\n\n                                <div id=\"htmega-collapse77033491\" class=\"htb-collapse\" data-parent=\"#accordionExample7033491\" >\n                                    <div class=\"accordion-content\">\n                                        <p>Indicadores de sa\u00fade s\u00e3o mensura\u00e7\u00f5es que refletem os problemas de sa\u00fade de determinada popula\u00e7\u00e3o. Atrav\u00e9s dos indicadores de sa\u00fade, \u00e9 poss\u00edvel prever desfechos (coletivos e individuais), descrever e explicar condi\u00e7\u00f5es de sa\u00fade da popula\u00e7\u00e3o, identificar desigualdades, al\u00e9m de permitir a compara\u00e7\u00e3o e avalia\u00e7\u00e3o do sistema de sa\u00fade atrav\u00e9s dos seus resultados (.\u00a0<\/p><p>Os indicadores de sa\u00fade s\u00e3o classificados como:<\/p><ol><li>Demogr\u00e1ficos<\/li><li>Socioecon\u00f4micos<\/li><li>Mortalidade<\/li><li>Morbidade e fatores de risco<\/li><li>Recursos<\/li><li>Cobertura<\/li><\/ol><p>A qualidade dos indicadores s\u00e3o identificados atrav\u00e9s da <b>validade<\/b>, a capacidade de medir o que pretende analisar; <b>confiabilidade<\/b> onde \u00e9 poss\u00edvel obter os mesmos resultados em diferentes aplica\u00e7\u00f5es; <b>sensibilidade<\/b> \u00e9 a capacidade de identificar o fen\u00f4meno analisado; enquanto a <b>especificidade<\/b> \u00e9 a capacidade de identificar somente o fen\u00f4meno analisado; a <b>mensurabilidade<\/b> determina a facilidade de se obter os dados dispon\u00edveis; <b>relev\u00e2ncia<\/b> em responder a prioridades de sa\u00fade; <b>custo-efetividade<\/b> onde os resultados dos indicadores ir\u00e3o justificar o tempo e recurso (RIPSA, 2008).\u00a0<\/p><p>\u00a0<\/p><p><b>Refer\u00eancias:<\/b><\/p><p>\u00a0<\/p><p>FRANCO, J. L. F. <b>Sistema de Informa\u00e7\u00e3o<\/b>. UNA-SUS\/UNIFESP. S\u00e3o Paulo: UNIFESP, 2012. Dispon\u00edvel em: &lt;http:\/\/ares.unasus.gov.br\/acervo\/handle\/ARES\/177&gt;.<\/p><p>\u00a0<\/p><p>ORGANIZA\u00c7\u00c3O PAN-AMERICANA DA SA\u00daDE. <b>Indicadores de Sa\u00fade<\/b>: elementos conceituais e pr\u00e1ticos. ISBN 978-92-75-72005-9. OPAS, 2018. Dispon\u00edvel em: &lt;https:\/\/iris.paho.org\/handle\/10665.2\/49057&gt;.<\/p><p>\u00a0<\/p><p>RIPSA. <b>Indicadores b\u00e1sicos para a sa\u00fade no Brasil: conceitos e aplica\u00e7\u00f5es<\/b>. REDE Interagencial de Informa\u00e7\u00f5es para a Sa\u00fade - RIPSA, 2. ed. Organiza\u00e7\u00e3o Pan-Americana da Sa\u00fade. Bras\u00edlia: RIPSA, 2008, p. 11-18. Dispon\u00edvel em: &lt;http:\/\/tabnet.datasus.gov.br\/tabdata\/livroidb\/2ed\/indicadores.pdf&gt;.<\/p><p>\u00a0<\/p><p>SO\u00c1REZ, P. C., PADOVAN, J. L., CICONELLI, R. M. <b>Indicadores de sa\u00fade no Brasil: um processo em constru\u00e7\u00e3o<\/b>. Rev Adm Sa\u00fade, v.7, n. 27. S\u00e3o Paulo, 2005.\u00a0<\/p><p><br \/>THOMAZ, \u00c9. B. et. al. <b>Conceitos e Ferramentas de Epidemiologia: Indicadores de Sa\u00fade<\/b>. In: RODRIGUES, V. P. (org.). UNA-SUS\/UFMA. v. 2. S\u00e3o Lu\u00eds: UFMA, 2014.<\/p>                                    <\/div>\n                                <\/div>\n\n                            <\/div>\n\n                                                    <div class=\"single_accourdion htmega-icon-align-left\">\n\n                                <div class=\"htmega-accourdion-title\">\n                                    <h2 data-toggle=\"htbcollapse\" data-target=\"#htmega-collapse87033491\" class=\"htb-collapsed htmega-items-hedding\">M\u00e9dia M\u00f3vel <span class=\"accourdion-icon close-accourdion\"><i class=\"fas fa-minus\"><\/i><\/span><span class=\"accourdion-icon open-accourdion\"><i class=\"fas fa-plus\"><\/i><\/span><\/h2>                                <\/div>\n\n                                <div id=\"htmega-collapse87033491\" class=\"htb-collapse\" data-parent=\"#accordionExample7033491\" >\n                                    <div class=\"accordion-content\">\n                                        <p>M\u00e9dia M\u00f3vel \u00e9 uma ferramenta estat\u00edstica com importante aplica\u00e7\u00e3o epidemiol\u00f3gica para an\u00e1lises de tend\u00eancias (aumento, estabiliza\u00e7\u00e3o ou queda) em s\u00e9ries temporais de um evento de interesse, com efeito de suaviza\u00e7\u00e3o sobre as flutua\u00e7\u00f5es de curto prazo.\u00a0<\/p><p>\u00a0<\/p><p>O termo \u201cm\u00f3vel\u201d \u00e9 usado porque, para calcular a m\u00e9dia m\u00f3vel ao longo do tempo, descarta-se a observa\u00e7\u00e3o mais antiga e inclui-se a observa\u00e7\u00e3o mais recente em um per\u00edodo de tempo determinado (dias, semanas, m\u00eas, trimestre etc.). Assim, a m\u00e9dia m\u00f3vel \u00e9 um indicador de avalia\u00e7\u00e3o estat\u00edstica de v\u00e1rios pontos.\u00a0<\/p><p>\u00a0<\/p><p>A m\u00e9dia m\u00f3vel de 7 dias \u00e9 um valor m\u00e9dio di\u00e1rio durante 7 dias at\u00e9 a data selecionada (que \u00e9 inclu\u00edda no c\u00e1lculo). A janela de 7 dias se move \u2013 ou muda \u2013 a cada novo dia de dados. Ela \u00e9 usada para suavizar novas contagens ou taxas di\u00e1rias de casos e mortes, mitigando o impacto das flutua\u00e7\u00f5es de curto prazo e identificando com mais clareza a tend\u00eancia mais recente ao longo do tempo.<\/p><p>\u00a0<\/p><p>Embora as m\u00e9dias m\u00f3veis sejam medidas muito simples, com frequ\u00eancia, s\u00e3o pilares de constru\u00e7\u00e3o para c\u00e1lculos mais complexos, de m\u00e9todos de suaviza\u00e7\u00e3o, decomposi\u00e7\u00e3o e previs\u00e3o de s\u00e9ries temporais.<\/p><p><br \/><br \/><br \/><br \/><br \/><br \/><\/p><p>REFER\u00caNCIAS:\u00a0<\/p><p><br \/>Secret\u00e1ria de Estado de Sa\u00fade de Minas Gerais .Mas afinal, o que \u00e9 M\u00e9dia M\u00f3vel? 2020 Agosto 19. Notas de recomenda\u00e7\u00e3o COVID-19 Availablefrom:https:\/\/coronavirus.saude.mg.gov.br\/blog\/138-media-movel<\/p>                                    <\/div>\n                                <\/div>\n\n                            <\/div>\n\n                                                    <div class=\"single_accourdion htmega-icon-align-left\">\n\n                                <div class=\"htmega-accourdion-title\">\n                                    <h2 data-toggle=\"htbcollapse\" data-target=\"#htmega-collapse97033491\" class=\"htb-collapsed htmega-items-hedding\">Sensibilidade versus especificidade <span class=\"accourdion-icon close-accourdion\"><i class=\"fas fa-minus\"><\/i><\/span><span class=\"accourdion-icon open-accourdion\"><i class=\"fas fa-plus\"><\/i><\/span><\/h2>                                <\/div>\n\n                                <div id=\"htmega-collapse97033491\" class=\"htb-collapse\" data-parent=\"#accordionExample7033491\" >\n                                    <div class=\"accordion-content\">\n                                        <p>Sensibilidade e especificidade s\u00e3o propriedades de testes diagn\u00f3sticos que auxiliam na tomada de decis\u00e3o.<\/p><p>\u00a0<\/p><p>A sensibilidade diz respeito \u00e0 capacidade de um determinado teste de identificar corretamente os indiv\u00edduos que, de fato, possuem uma infec\u00e7\u00e3o, doen\u00e7a ou fator de risco, como altera\u00e7\u00e3o gen\u00e9tica (\u201cverdadeiros positivos\u201d). Quanto maior a sensibilidade, maior o seu valor preditivo negativo (VPN). Por isso, testes com alta sensibilidade (&gt;90%) s\u00e3o muito bons para triagem diagn\u00f3stica.<\/p><p>\u00a0<\/p><p>J\u00e1 a especificidade \u00e9 a capacidade do teste de identificar corretamente os indiv\u00edduos que n\u00e3o possuem uma infec\u00e7\u00e3o, doen\u00e7a ou fator de risco, como altera\u00e7\u00e3o gen\u00e9tica (\u201cverdadeiros negativos\u201d). Quanto maior a especificidade, maior o valor preditivo positivo (VPP). Assim, testes com alta especificidade s\u00e3o muito bons para confirmar diagn\u00f3sticos.<\/p><p>\u00a0<\/p><p>O ideal \u00e9 que o teste tenha alta sensibilidade e alta especificidade. Por\u00e9m, com frequ\u00eancia, isso n\u00e3o \u00e9 poss\u00edvel, sendo necess\u00e1ria a associa\u00e7\u00e3o de testes para reduzir as incertezas sobre determinado diagn\u00f3stico.<\/p><p>\u00a0<\/p><p><b>Refer\u00eancias:<\/b><\/p><p>AVALIA\u00c7\u00c3O DE TESTES DE DIAGN\u00d3STICO: Universidade de S\u00e3o Paulo [Internet]. [place unknown]; 2019. Interpreta\u00e7\u00e3o dos testes diagn\u00f3sticos; [cited 2023 Apr 19]; Availablefrom:https:\/\/edisciplinas.usp.br\/pluginfile.php\/4146965\/mod_resource\/content\/1\/Avalia%C3%A7%C3%A3o%20de%20testes%20de%20diagn%C3%B3stico_HEP_141.pdf<\/p>                                    <\/div>\n                                <\/div>\n\n                            <\/div>\n\n                                                    <div class=\"single_accourdion htmega-icon-align-left\">\n\n                                <div class=\"htmega-accourdion-title\">\n                                    <h2 data-toggle=\"htbcollapse\" data-target=\"#htmega-collapse107033491\" class=\"htb-collapsed htmega-items-hedding\">Taxa de ataque <span class=\"accourdion-icon close-accourdion\"><i class=\"fas fa-minus\"><\/i><\/span><span class=\"accourdion-icon open-accourdion\"><i class=\"fas fa-plus\"><\/i><\/span><\/h2>                                <\/div>\n\n                                <div id=\"htmega-collapse107033491\" class=\"htb-collapse\" data-parent=\"#accordionExample7033491\" >\n                                    <div class=\"accordion-content\">\n                                        <p>A taxa de incid\u00eancia que se obt\u00e9m em uma situa\u00e7\u00e3o de exposi\u00e7\u00e3o de um grupo de pessoas ao mesmo risco em uma \u00e1rea definida \u00e9 denominada taxa de ataque da doen\u00e7a e \u00e9 expressa usualmente em porcentagem. \u00c9 bastante \u00fatil na an\u00e1lise e na investiga\u00e7\u00e3o de surtos em locais fechados, onde todos os expostos s\u00e3o identific\u00e1veis.\u00a0<\/p><p>Consideremos, como exemplo, uma situa\u00e7\u00e3o em que 96 pessoas foram expostas a um agente (por exemplo, a bact\u00e9ria <i>Pseudomonas aeruginosa<\/i> contaminando a equipe cir\u00fargica), das quais 26 adoeceram em um per\u00edodo curto de tempo. A taxa de ataque \u00e9 obtida da seguinte forma:<\/p><p>Taxa de ataque = n\u00ba de doentes\/ n\u00ba pessoas expostas ao risco X 100<\/p><p>Existe tamb\u00e9m a chamada taxa de ataque secund\u00e1rio, que mede o cont\u00e1gio de uma doen\u00e7a de transmiss\u00e3o pessoa a pessoa e, portanto, \u00e9 de utilidade para avaliar a efetividade das medidas de controle de um surto.<\/p><p>A taxa de ataque secund\u00e1rio expressa o n\u00famero de casos de uma doen\u00e7a que aparecem dentro do per\u00edodo de incuba\u00e7\u00e3o entre os contatos suscet\u00edveis expostos a um caso prim\u00e1rio ou \u00edndice, em rela\u00e7\u00e3o com o n\u00famero total de contatos suscet\u00edveis expostos. Calcula-se da seguinte maneira:<\/p><p>Taxa de ataque secund\u00e1rio: n\u00ba de casos secund\u00e1rios\/n\u00ba de contatos suscet\u00edveis expostos X 100.<\/p><p>\u00a0<\/p><p>Refer\u00eancias:<\/p><p>M\u00f3dulos de Princ\u00edpios de Epidemiologia para o Controle de Enfermidades (MOPECE). M\u00f3dulo 3:\u00a0 Medi\u00e7\u00e3o das condi\u00e7\u00f5es de sa\u00fade e doen\u00e7a na popula\u00e7\u00e3o. Organiza\u00e7\u00e3o Pan-Americana da Sa\u00fade, Minist\u00e9rio da Sa\u00fade, 2010. Dispon\u00edvel em: <a href=\"https:\/\/bvsms.saude.gov.br\/bvs\/publicacoes\/modulo_principios_epidemiologia_3.pdf\">https:\/\/bvsms.saude.gov.br\/bvs\/publicacoes\/modulo_principios_epidemiologia_3.pdf<\/a><\/p><p>Curso de especializa\u00e7\u00e3o de saneamento e sa\u00fade ambiental: promo\u00e7\u00e3o da sa\u00fade em comunidades rurais (CESSA). M\u00f3dulo 2: Epidemiologia, indicadores de sa\u00fade e os sistemas de informa\u00e7\u00e3o. [Ebook] \/ Organizadores Juliana de Oliveira Roque e Lima, Michele Dias da Silva Oliveira, Val\u00e9ria Pagotto. \u2013 Goi\u00e2nia: CEGRAF UFG, 2020. Dispon\u00edvel em: https:\/\/publica.ciar.ufg.br\/ebooks\/saneamento-e-saude-ambiental\/modulos\/4_modulo_saude\/02.html<\/p>                                    <\/div>\n                                <\/div>\n\n                            <\/div>\n\n                        <\/div>\t\t<\/div>\n\t\t\t\t<\/div>\n\t\t\t\t\t<\/div>\n\t\t<\/div>\n\t\t\t\t\t<\/div>\n\t\t<\/section>\n\t\t\t\t<\/div>","protected":false},"excerpt":{"rendered":"<p>Gloss\u00e1rio O Epi-Ride busca melhorar a capacidade de monitoramento, a gest\u00e3o de crises e proporcionar respostas mais efetivas \u00e0s demandas de sa\u00fade da popula\u00e7\u00e3o. Para isso, a Sala de Situa\u00e7\u00e3o de Sa\u00fade fornece este gloss\u00e1rio a fim de auxiliar os usu\u00e1rios nos conhecimentos de palavras chaves utilizadas durante o trabalho Epidemiologia Carga de doen\u00e7a Carga de doen\u00e7as \u00e9 um conceito que envolve aspectos de sa\u00fade, sociais,&hellip;<\/p>\n<p> <a class=\"more-link\" href=\"https:\/\/sds.unb.br\/es\/home-2\/nossos-projetos\/epiride\/epi-ride-glossario\/glossarioepidemiologia\/\">Leer m\u00e1s<\/a><\/p>","protected":false},"author":31,"featured_media":0,"parent":32433,"menu_order":0,"comment_status":"closed","ping_status":"closed","template":"","meta":{"footnotes":""},"tnc_tax_1420":[],"folder":[326],"class_list":["post-31929","page","type-page","status-publish"],"_links":{"self":[{"href":"https:\/\/sds.unb.br\/es\/wp-json\/wp\/v2\/pages\/31929","targetHints":{"allow":["GET"]}}],"collection":[{"href":"https:\/\/sds.unb.br\/es\/wp-json\/wp\/v2\/pages"}],"about":[{"href":"https:\/\/sds.unb.br\/es\/wp-json\/wp\/v2\/types\/page"}],"author":[{"embeddable":true,"href":"https:\/\/sds.unb.br\/es\/wp-json\/wp\/v2\/users\/31"}],"replies":[{"embeddable":true,"href":"https:\/\/sds.unb.br\/es\/wp-json\/wp\/v2\/comments?post=31929"}],"version-history":[{"count":29,"href":"https:\/\/sds.unb.br\/es\/wp-json\/wp\/v2\/pages\/31929\/revisions"}],"predecessor-version":[{"id":33686,"href":"https:\/\/sds.unb.br\/es\/wp-json\/wp\/v2\/pages\/31929\/revisions\/33686"}],"up":[{"embeddable":true,"href":"https:\/\/sds.unb.br\/es\/wp-json\/wp\/v2\/pages\/32433"}],"wp:attachment":[{"href":"https:\/\/sds.unb.br\/es\/wp-json\/wp\/v2\/media?parent=31929"}],"wp:term":[{"taxonomy":"tnc_tax_1420","embeddable":true,"href":"https:\/\/sds.unb.br\/es\/wp-json\/wp\/v2\/tnc_tax_1420?post=31929"},{"taxonomy":"folder","embeddable":true,"href":"https:\/\/sds.unb.br\/es\/wp-json\/wp\/v2\/folder?post=31929"}],"curies":[{"name":"wp","href":"https:\/\/api.w.org\/{rel}","templated":true}]}}